{"id":10664,"date":"2020-10-30T14:05:24","date_gmt":"2020-10-30T13:05:24","guid":{"rendered":"http:\/\/icewp.udg.edu\/?page_id=10664"},"modified":"2025-09-23T09:55:45","modified_gmt":"2025-09-23T07:55:45","slug":"sala-de-gravacio","status":"publish","type":"page","link":"https:\/\/iceberg.udg.edu\/?page_id=10664","title":{"rendered":"Reserva aula"},"content":{"rendered":"\n<h1 class=\"h2-style entry-title wp-block-heading\">Sala de gravaci\u00f3<\/h1>\n\n\n\n<p>La sala est\u00e0 ubicada a la seu de l&#8217;ICE-SAID, al Parc de Recerca i Innovaci\u00f3.&nbsp;La Sala de gravaci\u00f3 de l\u2019ICE-SAID est\u00e0 destinada a tot tipus de gravacions, tant docents com de caire informatiu o divulgatiu de projectes, recerques i experi\u00e8ncies realitzades a la Universitat de Girona. Des de l\u2019ICE-SAID posem la sala de gravaci\u00f3 a l\u2019abast de tota la comunitat UdG.<\/p>\n\n\n\n<h2 class=\"wp-block-heading\">Horari i suport<\/h2>\n\n\n\n<p>Podeu fer \u00fas de la sala de gravaci\u00f3 entre les 9h a 13h dels dies disponibles que trobareu al calendari de la part inferior d&#8217;aquesta p\u00e0gina. S\u2019ha previst que un membre de l\u2019ICE-SAID us doni suport i acompanyi en el proc\u00e9s de gravaci\u00f3 i creaci\u00f3 dels vostres materials audiovisuals.<\/p>\n\n\n\n<h2 class=\"wp-block-heading\">Espai i material disponible<\/h2>\n\n\n\n<p>Es tracta d\u2019un espai de 35 metres quadrats. Disposa d\u2019una c\u00e0mera professional, un teleprompter, un sistema d\u2019il\u00b7luminaci\u00f3 amb plafons led, un colorama que permet tres tipus de pantalla de fons (verda per a l\u2019efecte croma, blanca i negra), diverses opcions de gravaci\u00f3 de so (micr\u00f2fon de solapa, direccional i gravadora digital), dos ordinadors per a la captura i edici\u00f3 de v\u00eddeo i un projector.<\/p>\n\n\n\n<figure class=\"wp-block-gallery has-nested-images columns-4 is-cropped wp-block-gallery-2 is-layout-flex wp-block-gallery-is-layout-flex\">\n<figure class=\"wp-block-image size-full\"><a href=\"https:\/\/iceberg.udg.edu\/wp-content\/uploads\/2019\/04\/saladestacada.jpg\"><img loading=\"lazy\" decoding=\"async\" width=\"977\" height=\"734\" data-id=\"6964\" src=\"https:\/\/iceberg.udg.edu\/wp-content\/uploads\/2019\/04\/saladestacada.jpg\" alt=\"Set de c\u00e0mera, colorama i llums\" class=\"wp-image-6964\" srcset=\"https:\/\/iceberg.udg.edu\/wp-content\/uploads\/2019\/04\/saladestacada.jpg 977w, https:\/\/iceberg.udg.edu\/wp-content\/uploads\/2019\/04\/saladestacada-300x225.jpg 300w, https:\/\/iceberg.udg.edu\/wp-content\/uploads\/2019\/04\/saladestacada-768x577.jpg 768w\" sizes=\"auto, (max-width: 977px) 100vw, 977px\" \/><\/a><figcaption class=\"wp-element-caption\">Set de gravaci\u00f3\t\t\t\t\t<\/figcaption><\/figure>\n\n\n\n<figure class=\"wp-block-image size-full\"><a href=\"https:\/\/iceberg.udg.edu\/wp-content\/uploads\/2019\/02\/sala-01.jpg\"><img loading=\"lazy\" decoding=\"async\" width=\"800\" height=\"239\" data-id=\"5905\" src=\"https:\/\/iceberg.udg.edu\/wp-content\/uploads\/2019\/02\/sala-01.jpg\" alt=\"Gravaci\u00f3 amb croma\" class=\"wp-image-5905\" srcset=\"https:\/\/iceberg.udg.edu\/wp-content\/uploads\/2019\/02\/sala-01.jpg 800w, https:\/\/iceberg.udg.edu\/wp-content\/uploads\/2019\/02\/sala-01-300x90.jpg 300w, https:\/\/iceberg.udg.edu\/wp-content\/uploads\/2019\/02\/sala-01-768x229.jpg 768w\" sizes=\"auto, (max-width: 800px) 100vw, 800px\" \/><\/a><figcaption class=\"wp-element-caption\">Croma\t\t\t\t<\/figcaption><\/figure>\n\n\n\n<figure class=\"wp-block-image size-full\"><a href=\"https:\/\/iceberg.udg.edu\/wp-content\/uploads\/2019\/02\/sala-02.jpg\"><img loading=\"lazy\" decoding=\"async\" width=\"800\" height=\"304\" data-id=\"5906\" src=\"https:\/\/iceberg.udg.edu\/wp-content\/uploads\/2019\/02\/sala-02.jpg\" alt=\"Ordinadors i projecci\u00f3 en funcionament\" class=\"wp-image-5906\" srcset=\"https:\/\/iceberg.udg.edu\/wp-content\/uploads\/2019\/02\/sala-02.jpg 800w, https:\/\/iceberg.udg.edu\/wp-content\/uploads\/2019\/02\/sala-02-300x114.jpg 300w, https:\/\/iceberg.udg.edu\/wp-content\/uploads\/2019\/02\/sala-02-768x292.jpg 768w\" sizes=\"auto, (max-width: 800px) 100vw, 800px\" \/><\/a><figcaption class=\"wp-element-caption\">Ordinadors i projector<\/figcaption><\/figure>\n\n\n\n<figure class=\"wp-block-image size-full\"><a href=\"https:\/\/iceberg.udg.edu\/wp-content\/uploads\/2020\/11\/teleprompt-1.jpg\"><img loading=\"lazy\" decoding=\"async\" width=\"960\" height=\"598\" data-id=\"11883\" src=\"https:\/\/iceberg.udg.edu\/wp-content\/uploads\/2020\/11\/teleprompt-1.jpg\" alt=\"Gravaci\u00f3 amb teleprompter\" class=\"wp-image-11883\" srcset=\"https:\/\/iceberg.udg.edu\/wp-content\/uploads\/2020\/11\/teleprompt-1.jpg 960w, https:\/\/iceberg.udg.edu\/wp-content\/uploads\/2020\/11\/teleprompt-1-300x187.jpg 300w, https:\/\/iceberg.udg.edu\/wp-content\/uploads\/2020\/11\/teleprompt-1-768x478.jpg 768w\" sizes=\"auto, (max-width: 960px) 100vw, 960px\" \/><\/a><figcaption class=\"wp-element-caption\">Teleprompter<\/figcaption><\/figure>\n<\/figure>\n\n\n\n<p>Aquesta configuraci\u00f3 permet, per exemple, la gravaci\u00f3 a temps real d\u2019una imatge que combina el que est\u00e0 gravant la c\u00e0mera (la persona o persones que fan una exposici\u00f3) i la presentaci\u00f3 que estan utilitzant (pot ser qualsevol contingut multim\u00e8dia), darrere seu. Aix\u00f2 fa que la postproducci\u00f3 sigui m\u00ednima, reduint-se a afegir una careta d\u2019entrada i uns cr\u00e8dits finals, si cal. A m\u00e9s, la persona que \u00e9s gravada pot veure, tamb\u00e9 a temps real, la combinaci\u00f3 de les imatges a trav\u00e9s d\u2019una projecci\u00f3 en una pantalla frontal.<\/p>\n\n\n\n<p>El teleprompter permet mirar directament la c\u00e0mera mentre es va llegint el text escrit. Donat que el text es projecta sobre un mirall situat exactament davant la c\u00e0mera no cal desviar la mirada per seguir un gui\u00f3 o text situat en algun altre suport. Amb aix\u00f2, es facilita el proc\u00e9s d\u2019enregistrament de v\u00eddeos i, a m\u00e9s, el resultat obtingut \u00e9s molt m\u00e9s professional.<\/p>\n\n\n\n<h2 class=\"wp-block-heading\">Recomanacions per al dia de gravaci\u00f3<\/h2>\n\n\n\n<ul class=\"wp-block-list\">\n<li>Eviteu anar vestits amb peces de roba de color verd per no interferir amb l&#8217;efecte del croma. Els estampats de ratlles tampoc son recomanables.<\/li>\n\n\n\n<li>Recordeu portar la presentaci\u00f3 preparada en format 16:9 i tingueu en compte que vosaltres tapareu, aproximadament, una tercera part d&#8217;aquesta.<\/li>\n\n\n\n<li>En el cas que vulgueu utilitzar el teleprompter, porteu un document amb el text en format editable (WORD preferiblement).<\/li>\n\n\n\n<li>Si porteu imatges per la presentaci\u00f3, \u00e9s necessari que siguin de la m\u00e0xima qualitat possible (motiu: la gravaci\u00f3 \u00e9s en 4k i les imatges de baixa resoluci\u00f3 quedaran pixel\u00b7lades).<\/li>\n<\/ul>\n\n\n\n<div class=\"wp-block-columns is-layout-flex wp-container-core-columns-is-layout-9d6595d7 wp-block-columns-is-layout-flex\">\n<div class=\"wp-block-column is-layout-flow wp-block-column-is-layout-flow\">\n<h2 class=\"wp-block-heading\">Reserva<\/h2>\n\n\n\n<ol class=\"wp-block-list\">\n<li>Seleccioneu el dia o dies que desitgeu reservar (dies disponibles al calendari, de 9 a 13 h)<\/li>\n\n\n\n<li>Ompliu els camps corresponents amb el vostre nom, cognom i correu electr\u00f2nic<\/li>\n\n\n\n<li>Afegiu un comentari amb l&#8217;hora prevista d&#8217;arribada i de sortida de la sala i si us cal algun servei espec\u00edfic.<\/li>\n\n\n\n<li>Rebreu una notificaci\u00f3 per correu electr\u00f2nic amb la reserva que acabeu de fer. <\/li>\n\n\n\n<li>Quan validem la vostra reserva rebreu un altre correu electr\u00f2nic de confirmaci\u00f3.<\/li>\n<\/ol>\n\n\n\n<h2 class=\"wp-block-heading\">Important!<\/h2>\n\n\n\n<ul class=\"wp-block-list\">\n<li>L&#8217;objectiu principal \u00e9s que el dia de la gravaci\u00f3 ja us emporteu (o us enviem) l&#8217;arxiu de v\u00eddeo. Si cal, retallarem el principi i el final per eliminar els fragments que no convinguin.<\/li>\n\n\n\n<li>Si es necessita una postproducci\u00f3 de la vostra gravaci\u00f3 (afegir t\u00edtols, tallar i enganxar, incloure imatges&#8230;) caldr\u00e0 indicar-ho als comentaris del formulari de reserva. En aquest cas s&#8217;acordar\u00e0 una data aproximada de finalitzaci\u00f3 de la postproducci\u00f3. Cal tenir en compte que, en aquests casos, el per\u00edode entre la gravaci\u00f3 i el lliurament final pot ser superior a una setmana.<\/li>\n<\/ul>\n<\/div>\n<\/div>\n\n\n\n<h2 class=\"wp-block-heading\">Calendari i formulari de reserva<\/h2>\n\n\n\n<div class=\"wp-block-booking-booking\"> <div id=\"form_id1517946164350\" class=\"wpbc_container wpbc_form wpbc_container_booking_form \" ><form id=\"booking_form1\" class=\"booking_form vertical\" method=\"post\" action=\"\"><div id=\"ajax_respond_insert1\" class=\"ajax_respond_insert\" style=\"display:none;\"><\/div><a name=\"bklnk1\" id=\"bklnk1\"><\/a><div id=\"booking_form_div1\" class=\"booking_form_div\"><style type=\"text\/css\">.wpbc_container_booking_form .block_hints, .wpbc_booking_form_simple.wpbc_form_center .wpbc__form__div .wpbc__row.wpbc_r_calendar, .wpbc_booking_form_simple .wpbc__form__div .wpbc__row:not(.wpbc_r_calendar){max-width:440px;} <\/style>\n<div class=\"wpbc_booking_form_simple \">\n<div class=\"wpbc__form__div\">\n\t\t\t<div class=\"wpbc_r_calendar wpbc__row\">\n\t\t\t\t<div class=\"wpbc_r_calendar wpbc__field\"> <label><\/label><br><div class=\"wpbc_calendar_wraper wpbc_change_over_triangle wpbc_calendar_skin_legacy\"><style type=\"text\/css\" rel=\"stylesheet\" >.hasDatepick .datepick-inline .datepick-title-row th,.hasDatepick .datepick-inline .datepick-days-cell,.hasDatepick .datepick-inline .wpbc-cell-box{ max-height: 50px; }<\/style><div class=\"wpbc_cal_container bk_calendar_frame months_num_in_row_1 cal_month_num_1 wpbc_timeslot_day_bg_as_available\" style=\"width:100%;max-width:700px;\"><div id=\"calendar_booking1\"  class=\"wpbc_calendar_id_1\" >\t<div class=\"calendar_loader_frame calendar_loader_frame1\"\r\n\t\tdata-wpbc-rid=\"1\"\r\n\t\tdata-wpbc-grace=\"8000\"\r\n\t\tstyle=\"--wpbc-loader-cols: 1;\"\r\n\t>\r\n\t\t<div class=\"calendar_loader_text\">S&#039;est\u00e0 carregant...<\/div>\r\n\t\t<div class=\"calendar_loader_frame__progress_line_container\">\r\n\t\t\t<div class=\"calendar_loader_frame__progress_line\"><\/div>\r\n\t\t<\/div>\r\n\t<\/div>\r\n\t<\/div><\/div><div style=\"font-size:7px;text-align:left;margin:0 0 10px;text-shadow: none;\">Powered by <a href=\"https:\/\/wpbookingcalendar.com\" style=\"font-size:7px;\" target=\"_blank\" title=\"Booking Calendar plugin for WordPress\">Booking Calendar<\/a><\/div><textarea id=\"date_booking1\" name=\"date_booking1\" autocomplete=\"off\" style=\"display:none;\"><\/textarea><div class=\"block_hints datepick \"><div class=\"wpdev_hint_with_text\"><div class=\"\"><div class=\"datepick-inline wpbc_calendar_legend_table_width_height\"><table class=\"datepick wpbc_calendar\" style=\"\"><tbody><tr><td class=\"datepick-days-cell date_available wpbc_calendar_legend_day_cell_height\"><div class=\"wpbc-cell-box\">\t<div class=\"date-cell-content\">\t\t<div class=\"date-content-top\"><\/div>\t\t<a>&nbsp;<\/a>\t\t<div class=\"date-content-bottom\"><\/div>\t<\/div><\/div><\/td><\/tr><\/tbody><\/table><\/div><\/div><div class=\"block_text\">- <\/div><div class=\"block_text\">Disponible<\/div><\/div><div class=\"wpdev_hint_with_text\"><div class=\"\"><div class=\"datepick-inline wpbc_calendar_legend_table_width_height\"><table class=\"datepick wpbc_calendar\" style=\"\"><tbody><tr><td class=\"datepick-days-cell datepick-unselectable date_user_unavailable full_day_booking date_approved wpbc_calendar_legend_day_cell_height\"><div class=\"wpbc-cell-box\">\t<div class=\"date-cell-content\">\t\t<div class=\"date-content-top\"><\/div>\t\t<span>&nbsp;<\/span>\t\t<div class=\"date-content-bottom\"><\/div>\t<\/div><\/div><\/td><\/tr><\/tbody><\/table><\/div><\/div><div class=\"block_text\">- <\/div><div class=\"block_text\">Reservat<\/div><\/div><div class=\"wpdev_hint_with_text\"><div class=\"\"><div class=\"datepick-inline wpbc_calendar_legend_table_width_height\"><table class=\"datepick wpbc_calendar\" style=\"\"><tbody><tr><td class=\"datepick-days-cell datepick-unselectable date_user_unavailable full_day_booking date2approve wpbc_calendar_legend_day_cell_height\"><div class=\"wpbc-cell-box\">\t<div class=\"date-cell-content\">\t\t<div class=\"date-content-top\"><\/div>\t\t<span>&nbsp;<\/span>\t\t<div class=\"date-content-bottom\"><\/div>\t<\/div><\/div><\/td><\/tr><\/tbody><\/table><\/div><\/div><div class=\"block_text\">- <\/div><div class=\"block_text\">Pendent<\/div><\/div><div class=\"wpdev_hint_with_text\"><div class=\"\"><span class=\" wpbc_timeslot_day_bg_as_available wpbc_change_over_triangle\"><div class=\"datepick-inline wpbc_calendar_legend_table_width_height\"><table class=\"datepick wpbc_calendar\" style=\"\"><tbody><tr><td class=\"datepick-days-cell date_available date2approve timespartly times_clock wpbc_calendar_legend_day_cell_height\"><div class=\"wpbc-cell-box\">\t<div class=\"wpbc-diagonal-el\">\t\t<div class=\"wpbc-co-out\"><svg height=\"100%\" width=\"100%\" viewBox=\"0 0 100 100\" preserveAspectRatio=\"none\"><polygon points=\"0,0 0,99 99,0\"><\/polygon><polygon points=\"0,0 0,100 49,100 49,0\"><\/polygon><\/svg><\/div>\t\t<div class=\"wpbc-co-in\"><svg height=\"100%\" width=\"100%\" viewBox=\"0 0 98 98\" preserveAspectRatio=\"none\"><polygon points=\"0,99 99,99 99,0\"><\/polygon><polygon points=\"50,98 98,98 98,0 50,0\"><\/polygon><\/svg><\/div>\t<\/div>\t<div class=\"date-cell-content\">\t\t<div class=\"date-content-top\"><div class=\"wpbc_time_dots\">\u00b7<\/div><\/div>\t\t<a>&nbsp;<\/a>\t\t<div class=\"date-content-bottom\"><\/div>\t<\/div><\/div><\/td><\/tr><\/tbody><\/table><\/div><\/span><\/div><div class=\"block_text\">- <\/div><div class=\"block_text\">Parcialment reservat<\/div><\/div><\/div><\/div> <\/div>\n\t\t\t<\/div>\n\t\t\t<div class=\"wpbc__row\">\n\t\t\t\t<div class=\"wpbc_r_name wpbc__field\"> <label>Nom*<\/label><br><span class=\"wpbc_wrap_text wpdev-form-control-wrap name1\"><input type=\"text\" name=\"name1\" value=\"\" autocomplete=\"name\" class=\"wpdev-validates-as-required\" size=\"40\" \/><\/span> <\/div>\n\t\t\t<\/div>\n\t\t\t<div class=\"wpbc__row\">\n\t\t\t\t<div class=\"wpbc_r_secondname wpbc__field\"> <label>Cognom*<\/label><br><span class=\"wpbc_wrap_text wpdev-form-control-wrap secondname1\"><input type=\"text\" name=\"secondname1\" value=\"\" autocomplete=\"secondname\" class=\"wpdev-validates-as-required\" size=\"40\" \/><\/span> <\/div>\n\t\t\t<\/div>\n\t\t\t<div class=\"wpbc__row\">\n\t\t\t\t<div class=\"wpbc_r_email wpbc__field\"> <label>Email*<\/label><br><span class=\"wpbc_wrap_text wpdev-form-control-wrap email1\"><input type=\"email\" name=\"email1\" value=\"\" autocomplete=\"email\" class=\"wpdev-validates-as-email wpdev-validates-as-required\" size=\"40\" \/><\/span> <\/div>\n\t\t\t<\/div>\n\t\t\t<div class=\"wpbc__row\">\n\t\t\t\t<div class=\"wpbc_r_phone wpbc__field\"> <label>Tel\u00e8fon de contacte<\/label><br><span class=\"wpbc_wrap_text wpdev-form-control-wrap phone1\"><input type=\"text\" name=\"phone1\" value=\"\" autocomplete=\"phone\" size=\"40\" \/><\/span> <\/div>\n\t\t\t<\/div>\n\t\t\t<div class=\"wpbc__row\">\n\t\t\t\t<div class=\"wpbc_r_hora_entrada wpbc__field\"> <label>Hora entrada*<\/label><br><span class=\"wpbc_wrap_select wpdev-form-control-wrap hora_entrada1\"><select onchange=\"javascript:if(typeof( wpbc_show_cost_hints_after_few_seconds )=='function'){wpbc_show_cost_hints_after_few_seconds(1);}\" name=\"hora_entrada1\" autocomplete=\"hora_entrada\" class=\"wpdev-validates-as-required\"><option value=\"9:00\">9:00<\/option><option value=\"9:15\">9:15<\/option><option value=\"9:30\">9:30<\/option><option value=\"9:45\">9:45<\/option><option value=\"10:00\">10:00<\/option><option value=\"10:15\">10:15<\/option><option value=\"10:30\">10:30<\/option><option value=\"10:45\">10:45<\/option><option value=\"11:00\">11:00<\/option><option value=\"11:15\">11:15<\/option><option value=\"11:30\">11:30<\/option><option value=\"11:45\">11:45<\/option><option value=\"12:00\">12:00<\/option><option value=\"12:15\">12:15<\/option><option value=\"12:30\">12:30<\/option><option value=\"12:45\">12:45<\/option><\/select><\/span> <\/div>\n\t\t\t<\/div>\n\t\t\t<div class=\"wpbc__row\">\n\t\t\t\t<div class=\"wpbc_r_hora_de_sortida wpbc__field\"> <label>Hora de sortida*<\/label><br><span class=\"wpbc_wrap_select wpdev-form-control-wrap hora_de_sortida1\"><select onchange=\"javascript:if(typeof( wpbc_show_cost_hints_after_few_seconds )=='function'){wpbc_show_cost_hints_after_few_seconds(1);}\" name=\"hora_de_sortida1\" autocomplete=\"hora_de_sortida\" class=\"wpdev-validates-as-required\"><option value=\"9:15\">9:15<\/option><option value=\"9:30\">9:30<\/option><option value=\"9:45\">9:45<\/option><option value=\"10:00\">10:00<\/option><option value=\"10:15\">10:15<\/option><option value=\"10:30\">10:30<\/option><option value=\"10:45\">10:45<\/option><option value=\"11:00\">11:00<\/option><option value=\"11:15\">11:15<\/option><option value=\"11:30\">11:30<\/option><option value=\"11:45\">11:45<\/option><option value=\"12:00\">12:00<\/option><option value=\"12:15\">12:15<\/option><option value=\"12:30\">12:30<\/option><option value=\"12:45\">12:45<\/option><option value=\"13:00\">13:00<\/option><\/select><\/span> <\/div>\n\t\t\t<\/div>\n\t\t\t<div class=\"wpbc__row\">\n\t\t\t\t<div class=\"wpbc_r_motiu wpbc__field\"> <label>Motiu<\/label><br><span class=\"wpbc_wrap_text wpdev-form-control-wrap motiu1\"><input type=\"text\" name=\"motiu1\" value=\"\" autocomplete=\"motiu\" size=\"40\" \/><\/span> <\/div>\n\t\t\t<\/div>\n\t\t\t<div class=\"wpbc__row\">\n\t\t\t\t<div class=\"wpbc_r_details wpbc__field\"> <label>Comentaris<\/label><br><span class=\"wpbc_wrap_textarea wpdev-form-control-wrap details1\"><textarea name=\"details1\" autocomplete=\"details\"><\/textarea><\/span> <\/div>\n\t\t\t<\/div>\n\t\t\t<div class=\"wpbc__row\">\n\t\t\t\t<div class=\"wpbc_r_submit wpbc__field\"><input type=\"button\" value=\"Enviar\" class=\"wpbc_button_light  btn btn\" onclick=\"wpbc_booking_form_submit(this.form,1, 'ca');\" \/> <\/div>\n\t\t\t<\/div>\n<\/div>\n<\/div><input id=\"bk_type1\" name=\"bk_type1\" class=\"\" type=\"hidden\" value=\"1\" \/><\/div><div id=\"submiting1\"><\/div><div class=\"form_bk_messages\" id=\"form_bk_messages1\" ><\/div><input type=\"hidden\" id=\"wpbc_nonceCALCULATE_THE_COST1\" name=\"wpbc_nonceCALCULATE_THE_COST1\" value=\"3f9cc41f8b\" \/><input type=\"hidden\" name=\"_wp_http_referer\" value=\"\/index.php?rest_route=%2Fwp%2Fv2%2Fpages%2F10664\" \/><\/form><\/div><div id=\"booking_form_garbage1\" class=\"booking_form_garbage\"><\/div> <\/div>\n","protected":false},"excerpt":{"rendered":"<p>Sala de gravaci\u00f3 La sala est\u00e0 ubicada a la seu de l&#8217;ICE-SAID, al Parc de Recerca i Innovaci\u00f3.&nbsp;La Sala de gravaci\u00f3 de l\u2019ICE-SAID est\u00e0 destinada a tot tipus de gravacions, tant docents com de caire informatiu o divulgatiu de projectes, recerques i experi\u00e8ncies realitzades a la Universitat de Girona. Des de l\u2019ICE-SAID posem la sala [&hellip;]<\/p>\n","protected":false},"author":1,"featured_media":0,"parent":0,"menu_order":0,"comment_status":"closed","ping_status":"closed","template":"","meta":{"footnotes":""},"class_list":["post-10664","page","type-page","status-publish","hentry"],"_links":{"self":[{"href":"https:\/\/iceberg.udg.edu\/index.php?rest_route=\/wp\/v2\/pages\/10664","targetHints":{"allow":["GET"]}}],"collection":[{"href":"https:\/\/iceberg.udg.edu\/index.php?rest_route=\/wp\/v2\/pages"}],"about":[{"href":"https:\/\/iceberg.udg.edu\/index.php?rest_route=\/wp\/v2\/types\/page"}],"author":[{"embeddable":true,"href":"https:\/\/iceberg.udg.edu\/index.php?rest_route=\/wp\/v2\/users\/1"}],"replies":[{"embeddable":true,"href":"https:\/\/iceberg.udg.edu\/index.php?rest_route=%2Fwp%2Fv2%2Fcomments&post=10664"}],"version-history":[{"count":44,"href":"https:\/\/iceberg.udg.edu\/index.php?rest_route=\/wp\/v2\/pages\/10664\/revisions"}],"predecessor-version":[{"id":21267,"href":"https:\/\/iceberg.udg.edu\/index.php?rest_route=\/wp\/v2\/pages\/10664\/revisions\/21267"}],"wp:attachment":[{"href":"https:\/\/iceberg.udg.edu\/index.php?rest_route=%2Fwp%2Fv2%2Fmedia&parent=10664"}],"curies":[{"name":"wp","href":"https:\/\/api.w.org\/{rel}","templated":true}]}}