{"id":11556,"date":"2020-11-19T10:31:14","date_gmt":"2020-11-19T09:31:14","guid":{"rendered":"http:\/\/icewp.udg.edu\/?page_id=11556"},"modified":"2022-06-30T08:46:16","modified_gmt":"2022-06-30T06:46:16","slug":"converses","status":"publish","type":"page","link":"https:\/\/iceberg.udg.edu\/?page_id=11556","title":{"rendered":"Converses"},"content":{"rendered":"<div  class=\"ultp-post-grid-block wp-block-ultimate-post-post-grid-1 ultp-block-548057\"><div class=\"ultp-block-wrapper\"><div class=\"ultp-loading\"><div class=\"ultp-loading-blocks\" style=\"width:100%;height:100%;\"><div style=\"left: 0;top: 0;animation-delay:0s;\"><\/div><div style=\"left: 21px;top: 0;animation-delay:0.125s;\"><\/div><div style=\"left: 42px;top: 0;animation-delay:0.25s;\"><\/div><div style=\"left: 0;top: 21px;animation-delay:0.875s;\"><\/div><div style=\"left: 42px;top: 21px;animation-delay:0.375s;\"><\/div><div style=\"left: 0;top: 42px;animation-delay:0.75s;\"><\/div><div style=\"left: 42px;top: 42px;animation-delay:0.625s;\"><\/div><div style=\"left: 21px;top: 42px;animation-delay:0.5s;\"><\/div><\/div><\/div><div class=\"ultp-heading-filter\"><div class=\"ultp-heading-filter-in\"><div class=\"ultp-filter-navigation\"><\/div><\/div><\/div><div class=\"ultp-block-items-wrap ultp-block-row ultp-pg1a-style1 ultp-grid1-responsive ultp-block-column-4 ultp-sm-column-2 ultp-xs-column-1 ultp-layout1\"><div class=\"ultp-block-item post-id-15188\"><div class=\"ultp-block-content-wrap\"><div class=\"ultp-block-image ultp-block-image-zoomIn\"><a href=\"https:\/\/iceberg.udg.edu\/?p=15188\" ><img decoding=\"async\"  class=\"ultp-block-image-content\"  alt=\"El professorat com a dissenyador d&#8217;entorns d&#8217;aprenentatge. Darrera conversa entre Fara\u00f3n Llorens i Meritxell Estebanell\"  src=\"https:\/\/iceberg.udg.edu\/wp-content\/uploads\/2022\/10\/2iceBERGblog-1.png\" \/><\/a><\/div><div class=\"ultp-block-content\"><h3 class=\"ultp-block-title \"><a href=\"https:\/\/iceberg.udg.edu\/?p=15188\" >El professorat com a dissenyador d&#8217;entorns d&#8217;aprenentatge. Darrera conversa entre Fara\u00f3n Llorens i Meritxell Estebanell<\/a><\/h3><\/div><\/div><\/div><div class=\"ultp-block-item post-id-15186\"><div class=\"ultp-block-content-wrap\"><div class=\"ultp-block-image ultp-block-image-zoomIn\"><a href=\"https:\/\/iceberg.udg.edu\/?p=15186\" ><img decoding=\"async\"  class=\"ultp-block-image-content\"  alt=\"Qui ha de dirigir la transformaci\u00f3 digital de la universitat? Sisena conversa entre Fara\u00f3n Llorens i Meritxell Estebanell\"  src=\"https:\/\/iceberg.udg.edu\/wp-content\/uploads\/2022\/10\/2iceBERGblog-1.png\" \/><\/a><\/div><div class=\"ultp-block-content\"><h3 class=\"ultp-block-title \"><a href=\"https:\/\/iceberg.udg.edu\/?p=15186\" >Qui ha de dirigir la transformaci\u00f3 digital de la universitat? Sisena conversa entre Fara\u00f3n Llorens i Meritxell Estebanell<\/a><\/h3><\/div><\/div><\/div><div class=\"ultp-block-item post-id-15184\"><div class=\"ultp-block-content-wrap\"><div class=\"ultp-block-image ultp-block-image-zoomIn\"><a href=\"https:\/\/iceberg.udg.edu\/?p=15184\" ><img decoding=\"async\"  class=\"ultp-block-image-content\"  alt=\"Col\u00b7laboraci\u00f3 o compet\u00e8ncia entre universitats? Cinquena conversa entre Fara\u00f3n Llorens i Meritxell Estebanell\"  src=\"https:\/\/iceberg.udg.edu\/wp-content\/uploads\/2022\/10\/2iceBERGblog.png\" \/><\/a><\/div><div class=\"ultp-block-content\"><h3 class=\"ultp-block-title \"><a href=\"https:\/\/iceberg.udg.edu\/?p=15184\" >Col\u00b7laboraci\u00f3 o compet\u00e8ncia entre universitats? Cinquena conversa entre Fara\u00f3n Llorens i Meritxell Estebanell<\/a><\/h3><\/div><\/div><\/div><div class=\"ultp-block-item post-id-15182\"><div class=\"ultp-block-content-wrap\"><div class=\"ultp-block-image ultp-block-image-zoomIn\"><a href=\"https:\/\/iceberg.udg.edu\/?p=15182\" ><img decoding=\"async\"  class=\"ultp-block-image-content\"  alt=\"Hem de q\u00fcestionar els models actuals d&#8217;avaluaci\u00f3? Quarta conversa entre Fara\u00f3n Llorens i Meritxell Estebanell\"  src=\"https:\/\/iceberg.udg.edu\/wp-content\/uploads\/2022\/09\/2iceBERGblog.png\" \/><\/a><\/div><div class=\"ultp-block-content\"><h3 class=\"ultp-block-title \"><a href=\"https:\/\/iceberg.udg.edu\/?p=15182\" >Hem de q\u00fcestionar els models actuals d&#8217;avaluaci\u00f3? Quarta conversa entre Fara\u00f3n Llorens i Meritxell Estebanell<\/a><\/h3><\/div><\/div><\/div><div class=\"ultp-block-item post-id-15178\"><div class=\"ultp-block-content-wrap\"><div class=\"ultp-block-image ultp-block-image-zoomIn\"><a href=\"https:\/\/iceberg.udg.edu\/?p=15178\" ><img decoding=\"async\"  class=\"ultp-block-image-content\"  alt=\"Quin \u00e9s el valor afegit que pot aportar la universitat? Tercera conversa entre Fara\u00f3n Llorens i Meritxell Estebanell\"  src=\"https:\/\/iceberg.udg.edu\/wp-content\/uploads\/2022\/10\/2iceBERGblog.png\" \/><\/a><\/div><div class=\"ultp-block-content\"><h3 class=\"ultp-block-title \"><a href=\"https:\/\/iceberg.udg.edu\/?p=15178\" >Quin \u00e9s el valor afegit que pot aportar la universitat? Tercera conversa entre Fara\u00f3n Llorens i Meritxell Estebanell<\/a><\/h3><\/div><\/div><\/div><div class=\"ultp-block-item post-id-15176\"><div class=\"ultp-block-content-wrap\"><div class=\"ultp-block-image ultp-block-image-zoomIn\"><a href=\"https:\/\/iceberg.udg.edu\/?p=15176\" ><img decoding=\"async\"  class=\"ultp-block-image-content\"  alt=\"Potencials i riscos de les tecnologies? Segona conversa entre Fara\u00f3n Llorens i Meritxell Estebanell\"  src=\"https:\/\/iceberg.udg.edu\/wp-content\/uploads\/2022\/09\/2iceBERGblog.png\" \/><\/a><\/div><div class=\"ultp-block-content\"><h3 class=\"ultp-block-title \"><a href=\"https:\/\/iceberg.udg.edu\/?p=15176\" >Potencials i riscos de les tecnologies? Segona conversa entre Fara\u00f3n Llorens i Meritxell Estebanell<\/a><\/h3><\/div><\/div><\/div><div class=\"ultp-block-item post-id-15171\"><div class=\"ultp-block-content-wrap\"><div class=\"ultp-block-image ultp-block-image-zoomIn\"><a href=\"https:\/\/iceberg.udg.edu\/?p=15171\" ><img decoding=\"async\"  class=\"ultp-block-image-content\"  alt=\"Com s&#8217;hauria de transformar la universitat? Primera conversa entre Fara\u00f3n Llorens i Meritxell Estebanell\"  src=\"https:\/\/iceberg.udg.edu\/wp-content\/uploads\/2022\/09\/2iceBERGblog.png\" \/><\/a><\/div><div class=\"ultp-block-content\"><h3 class=\"ultp-block-title \"><a href=\"https:\/\/iceberg.udg.edu\/?p=15171\" >Com s&#8217;hauria de transformar la universitat? Primera conversa entre Fara\u00f3n Llorens i Meritxell Estebanell<\/a><\/h3><\/div><\/div><\/div><div class=\"ultp-block-item post-id-8082\"><div class=\"ultp-block-content-wrap\"><div class=\"ultp-block-image ultp-block-image-zoomIn\"><a href=\"https:\/\/iceberg.udg.edu\/?p=8082\" ><img decoding=\"async\"  class=\"ultp-block-image-content\"  alt=\"Nous horitzons per a la universitat del futur. Cinquena (i darrera) conversa entre Ismael Pe\u00f1a-L\u00f3pez i Quim Brugu\u00e9\"  src=\"https:\/\/iceberg.udg.edu\/wp-content\/uploads\/2019\/11\/conversa5-e1666337887615.jpg\" \/><\/a><\/div><div class=\"ultp-block-content\"><h3 class=\"ultp-block-title \"><a href=\"https:\/\/iceberg.udg.edu\/?p=8082\" >Nous horitzons per a la universitat del futur. Cinquena (i darrera) conversa entre Ismael Pe\u00f1a-L\u00f3pez i Quim Brugu\u00e9<\/a><\/h3><\/div><\/div><\/div><div class=\"ultp-block-item post-id-8014\"><div class=\"ultp-block-content-wrap\"><div class=\"ultp-block-image ultp-block-image-zoomIn\"><a href=\"https:\/\/iceberg.udg.edu\/?p=8014\" ><img decoding=\"async\"  class=\"ultp-block-image-content\"  alt=\"Qu\u00e8 podem fer des de la universitat per millorar la democr\u00e0cia? Quarta conversa entre Ismael Pe\u00f1a-L\u00f3pez i Quim Brugu\u00e9\"  src=\"https:\/\/iceberg.udg.edu\/wp-content\/uploads\/2019\/11\/conversa5-e1666337887615.jpg\" \/><\/a><\/div><div class=\"ultp-block-content\"><h3 class=\"ultp-block-title \"><a href=\"https:\/\/iceberg.udg.edu\/?p=8014\" >Qu\u00e8 podem fer des de la universitat per millorar la democr\u00e0cia? Quarta conversa entre Ismael Pe\u00f1a-L\u00f3pez i Quim Brugu\u00e9<\/a><\/h3><\/div><\/div><\/div><div class=\"ultp-block-item post-id-7971\"><div class=\"ultp-block-content-wrap\"><div class=\"ultp-block-image ultp-block-image-zoomIn\"><a href=\"https:\/\/iceberg.udg.edu\/?p=7971\" ><img decoding=\"async\"  class=\"ultp-block-image-content\"  alt=\"L&#8217;estudiant universitari: nous rols en una universitat canviant. Tercera conversa entre Quim Brugu\u00e9 i Ismael Pe\u00f1a-L\u00f3pez\"  src=\"https:\/\/iceberg.udg.edu\/wp-content\/uploads\/2019\/11\/conversa5-e1666337887615.jpg\" \/><\/a><\/div><div class=\"ultp-block-content\"><h3 class=\"ultp-block-title \"><a href=\"https:\/\/iceberg.udg.edu\/?p=7971\" >L&#8217;estudiant universitari: nous rols en una universitat canviant. Tercera conversa entre Quim Brugu\u00e9 i Ismael Pe\u00f1a-L\u00f3pez<\/a><\/h3><\/div><\/div><\/div><div class=\"ultp-block-item post-id-7864\"><div class=\"ultp-block-content-wrap\"><div class=\"ultp-block-image ultp-block-image-zoomIn\"><a href=\"https:\/\/iceberg.udg.edu\/?p=7864\" ><img decoding=\"async\"  class=\"ultp-block-image-content\"  alt=\"Com poden conviure recerca i doc\u00e8ncia a la universitat? Segona conversa entre Quim Brugu\u00e9 i Ismael Pe\u00f1a-L\u00f3pez\"  src=\"https:\/\/iceberg.udg.edu\/wp-content\/uploads\/2019\/11\/conversa5-e1666337887615.jpg\" \/><\/a><\/div><div class=\"ultp-block-content\"><h3 class=\"ultp-block-title \"><a href=\"https:\/\/iceberg.udg.edu\/?p=7864\" >Com poden conviure recerca i doc\u00e8ncia a la universitat? Segona conversa entre Quim Brugu\u00e9 i Ismael Pe\u00f1a-L\u00f3pez<\/a><\/h3><\/div><\/div><\/div><div class=\"ultp-block-item post-id-7781\"><div class=\"ultp-block-content-wrap\"><div class=\"ultp-block-image ultp-block-image-zoomIn\"><a href=\"https:\/\/iceberg.udg.edu\/?p=7781\" ><img decoding=\"async\"  class=\"ultp-block-image-content\"  alt=\"Conversa entre Ismael Pe\u00f1a-L\u00f3pez i Quim Brugu\u00e9: Com afrontar la doc\u00e8ncia en la universitat actual?\"  src=\"https:\/\/iceberg.udg.edu\/wp-content\/uploads\/2019\/11\/conversa5-e1666337887615.jpg\" \/><\/a><\/div><div class=\"ultp-block-content\"><h3 class=\"ultp-block-title \"><a href=\"https:\/\/iceberg.udg.edu\/?p=7781\" >Conversa entre Ismael Pe\u00f1a-L\u00f3pez i Quim Brugu\u00e9: Com afrontar la doc\u00e8ncia en la universitat actual?<\/a><\/h3><\/div><\/div><\/div><div class=\"ultp-block-item post-id-5864\"><div class=\"ultp-block-content-wrap\"><div class=\"ultp-block-image ultp-block-image-zoomIn\"><a href=\"https:\/\/iceberg.udg.edu\/?p=5864\" ><img decoding=\"async\"  class=\"ultp-block-image-content\"  alt=\"Com ha de ser el nou model d&#8217;universitat? I de docent? Darrera conversa amb Crist\u00f3bal Cobo\"  src=\"https:\/\/iceberg.udg.edu\/wp-content\/uploads\/2019\/02\/Cobologo2-1024x768-1.jpeg\" \/><\/a><\/div><div class=\"ultp-block-content\"><h3 class=\"ultp-block-title \"><a href=\"https:\/\/iceberg.udg.edu\/?p=5864\" >Com ha de ser el nou model d&#8217;universitat? I de docent? Darrera conversa amb Crist\u00f3bal Cobo<\/a><\/h3><\/div><\/div><\/div><div class=\"ultp-block-item post-id-5533\"><div class=\"ultp-block-content-wrap\"><div class=\"ultp-block-image ultp-block-image-zoomIn\"><a href=\"https:\/\/iceberg.udg.edu\/?p=5533\" ><img decoding=\"async\"  class=\"ultp-block-image-content\"  alt=\"Com aprenem a treballar amb els robots? Quarta conversa amb Crist\u00f3bal Cobo\"  src=\"https:\/\/iceberg.udg.edu\/wp-content\/uploads\/2019\/02\/Cobologo2-1024x768-1.jpeg\" \/><\/a><\/div><div class=\"ultp-block-content\"><h3 class=\"ultp-block-title \"><a href=\"https:\/\/iceberg.udg.edu\/?p=5533\" >Com aprenem a treballar amb els robots? Quarta conversa amb Crist\u00f3bal Cobo<\/a><\/h3><\/div><\/div><\/div><div class=\"ultp-block-item post-id-5272\"><div class=\"ultp-block-content-wrap\"><div class=\"ultp-block-image ultp-block-image-zoomIn\"><a href=\"https:\/\/iceberg.udg.edu\/?p=5272\" ><img decoding=\"async\"  class=\"ultp-block-image-content\"  alt=\"Com podem promoure una ciutadania digital? I l&#8217;educaci\u00f3 del futur? Tercera conversa amb Crist\u00f3bal Cobo\"  src=\"https:\/\/iceberg.udg.edu\/wp-content\/uploads\/2018\/09\/Cobologo2-e1543574721521.jpg\" \/><\/a><\/div><div class=\"ultp-block-content\"><h3 class=\"ultp-block-title \"><a href=\"https:\/\/iceberg.udg.edu\/?p=5272\" >Com podem promoure una ciutadania digital? I l&#8217;educaci\u00f3 del futur? Tercera conversa amb Crist\u00f3bal Cobo<\/a><\/h3><\/div><\/div><\/div><div class=\"ultp-block-item post-id-5167\"><div class=\"ultp-block-content-wrap\"><div class=\"ultp-block-image ultp-block-image-zoomIn\"><a href=\"https:\/\/iceberg.udg.edu\/?p=5167\" ><img decoding=\"async\"  class=\"ultp-block-image-content\"  alt=\"Quins s\u00f3n els grans desafiaments de la universitat avui? Segona conversa amb Crist\u00f3bal Cobo\"  src=\"https:\/\/iceberg.udg.edu\/wp-content\/uploads\/2018\/09\/Cobologo2-e1543574721521.jpg\" \/><\/a><\/div><div class=\"ultp-block-content\"><h3 class=\"ultp-block-title \"><a href=\"https:\/\/iceberg.udg.edu\/?p=5167\" >Quins s\u00f3n els grans desafiaments de la universitat avui? Segona conversa amb Crist\u00f3bal Cobo<\/a><\/h3><\/div><\/div><\/div><div class=\"ultp-block-item post-id-5174\"><div class=\"ultp-block-content-wrap\"><div class=\"ultp-block-image ultp-block-image-zoomIn\"><a href=\"https:\/\/iceberg.udg.edu\/?p=5174\" ><img decoding=\"async\"  class=\"ultp-block-image-content\"  alt=\"Com tenir una visi\u00f3 cr\u00edtica de la tecnologia? Primera conversa amb Crist\u00f3bal Cobo\"  src=\"https:\/\/iceberg.udg.edu\/wp-content\/uploads\/2018\/09\/Cobologo2-e1543574721521.jpg\" \/><\/a><\/div><div class=\"ultp-block-content\"><h3 class=\"ultp-block-title \"><a href=\"https:\/\/iceberg.udg.edu\/?p=5174\" >Com tenir una visi\u00f3 cr\u00edtica de la tecnologia? Primera conversa amb Crist\u00f3bal Cobo<\/a><\/h3><\/div><\/div><\/div><\/div><div class=\"ultp-pagination-wrap ultp-pagination-ajax-action\" data-paged=\"1\" data-expost=\"\"  data-blockid=\"548057\" data-postid=\"11556\" data-pages=\"1\" data-blockname=\"ultimate-post_post-grid-1\" data-selfpostid=\"no\"><\/div><\/div><div class=\"pagination-block-html\" aria-hidden=\"true\" style=\"display: none;\"><\/div><\/div>","protected":false},"excerpt":{"rendered":"","protected":false},"author":1,"featured_media":0,"parent":10469,"menu_order":4,"comment_status":"closed","ping_status":"closed","template":"","meta":{"footnotes":""},"class_list":["post-11556","page","type-page","status-publish","hentry"],"_links":{"self":[{"href":"https:\/\/iceberg.udg.edu\/index.php?rest_route=\/wp\/v2\/pages\/11556","targetHints":{"allow":["GET"]}}],"collection":[{"href":"https:\/\/iceberg.udg.edu\/index.php?rest_route=\/wp\/v2\/pages"}],"about":[{"href":"https:\/\/iceberg.udg.edu\/index.php?rest_route=\/wp\/v2\/types\/page"}],"author":[{"embeddable":true,"href":"https:\/\/iceberg.udg.edu\/index.php?rest_route=\/wp\/v2\/users\/1"}],"replies":[{"embeddable":true,"href":"https:\/\/iceberg.udg.edu\/index.php?rest_route=%2Fwp%2Fv2%2Fcomments&post=11556"}],"version-history":[{"count":5,"href":"https:\/\/iceberg.udg.edu\/index.php?rest_route=\/wp\/v2\/pages\/11556\/revisions"}],"predecessor-version":[{"id":15169,"href":"https:\/\/iceberg.udg.edu\/index.php?rest_route=\/wp\/v2\/pages\/11556\/revisions\/15169"}],"up":[{"embeddable":true,"href":"https:\/\/iceberg.udg.edu\/index.php?rest_route=\/wp\/v2\/pages\/10469"}],"wp:attachment":[{"href":"https:\/\/iceberg.udg.edu\/index.php?rest_route=%2Fwp%2Fv2%2Fmedia&parent=11556"}],"curies":[{"name":"wp","href":"https:\/\/api.w.org\/{rel}","templated":true}]}}